{"id":542,"date":"2020-12-24T15:00:27","date_gmt":"2020-12-24T18:00:27","guid":{"rendered":"http:\/\/localhost\/projetos\/adufla\/?page_id=542"},"modified":"2026-08-20T15:23:46","modified_gmt":"2026-08-20T18:23:46","slug":"historia","status":"publish","type":"page","link":"https:\/\/adufla.org.br\/site\/historia\/","title":{"rendered":"Hist\u00f3ria"},"content":{"rendered":"\n<p class=\"has-text-align-center px-md-4 has-text-color has-normal-font-size\" style=\"color:#434343\"><strong>\u201cA mem\u00f3ria \u00e9 um por\u00e3o atravancado de objetos perdidos, onde tanto desejar\u00edamos encontrar aquelas coisas que \u2013 de t\u00e3o perdidas \u2013 nem sabemos mais o que sejam.\u201d<\/strong><\/p>\n\n\n\n<p class=\"has-text-align-center has-text-color\" style=\"color:#434343;font-size:11px\"><strong>M\u00e1rio Quintana \u2013 Di\u00e1rio Po\u00e9tico<\/strong><\/p>\n\n\n\n<p class=\"has-text-align-left\">A d\u00e9cada de 1960 ficou marcada na hist\u00f3ria da ent\u00e3o Escola Superior de Agricultura de Lavras (ESAL), hoje Universidade Federal de Lavras (UFLA), como um per\u00edodo de grandes transforma\u00e7\u00f5es. A institui\u00e7\u00e3o passava por enormes dificuldades financeiras que chegaram ao seu \u00e1pice em 1962, ano em que o Instituto Gammon, at\u00e9 ent\u00e3o mantenedora da institui\u00e7\u00e3o, chegou a anunciar o fechamento da escola.<\/p>\n\n\n\n<p>No ano seguinte, 1963, ap\u00f3s mobiliza\u00e7\u00e3o da comunidade acad\u00eamica, da popula\u00e7\u00e3o, de lideran\u00e7as pol\u00edticas locais, estaduais e nacionais, a ESAL, diante do potencial da institui\u00e7\u00e3o, acabou sendo transformada em uma unidade federal de ensino superior, tendo apenas um curso superior de Agronomia e um t\u00e9cnico em Agricultura, mas sendo, j\u00e1 naquela naquela \u00e9poca, uma refer\u00eancia no pa\u00eds quanto \u00e0 qualidade de ensino.<\/p>\n\n\n\n<p>Foi um per\u00edodo de renascimento da ESAL em meio a muitas dificuldades financeiras, o que fez surgir internamente um grupo de professores que lutava pela melhoria da escola, imbu\u00eddos no esp\u00edrito de uni\u00e3o e comprometimento com a institui\u00e7\u00e3o. Deste grupo surgiu a ideia de se criar uma associa\u00e7\u00e3o de docentes, que foi formalizada em 11 de dezembro de 1967 com a realiza\u00e7\u00e3o da primeira assembleia e defini\u00e7\u00e3o do professor Tarley Fantazini como primeiro presidente. Nascia assim, a Associa\u00e7\u00e3o de Professores da Escola Superior de Agricultura de Lavras (ASPESAL).<\/p>\n\n\n\n<p class=\"has-text-align-left\">A APESAL surgiu a princ\u00edpio com um car\u00e1ter voltado ao social e ao de confraterniza\u00e7\u00e3o, mas logo assumiu tamb\u00e9m a fun\u00e7\u00e3o de representar os professores nas discuss\u00f5es sobre temas importantes dentro da ESAL, contribuindo com o crescimento da institui\u00e7\u00e3o nas d\u00e9cadas que se seguiram.<\/p>\n\n\n\n<p class=\"has-text-align-left\">Foram anos de atua\u00e7\u00e3o permanente e participativa da entidade tanto na vida acad\u00eamica quanto nas a\u00e7\u00f5es que contribuiram para o fortelecimento da ESAL, como na condu\u00e7\u00e3o dos processos de elei\u00e7\u00e3o dos reitores, na cria\u00e7\u00e3o de novos cursos e no pr\u00f3prio processo de transforma\u00e7\u00e3o da escola em Universidade Federal de Lavras (UFLA), participando inclusive das tratativas em Bras\u00edlia-DF para que isso ocorresse, um marco na hist\u00f3ria da universidade que foi formalizado em 15 de dezembro de1994, na gest\u00e3o do Presidente Itamar Franco. A associa\u00e7\u00e3o foi a respons\u00e1vel ainda pela iniciativa da cria\u00e7\u00e3o de Funda\u00e7\u00e3o de Apoio, Pesquisa e Extens\u00e3o (FAEPE), que se concretizou em 16 de julho de 1976, e ainda incentivou a cria\u00e7\u00e3o da Coopesal e da Crediesal.<\/p>\n\n\n\n<p class=\"has-text-align-center\"><strong>Participa\u00e7\u00e3o no movimento sindical nacional<\/strong><\/p>\n\n\n\n<p class=\"has-text-align-left pt-4\">Durante a gest\u00e3o do Prof. Euf\u00eamio Steiner Gomes Juste J\u00fanior (1980-1982), quase duas d\u00e9cadas ap\u00f3s sua funda\u00e7\u00e3o, a ASPESAL iniciou sua integra\u00e7\u00e3o ao movimento docente nacional, participando, inclusive, da primeira greve da categoria, em 1980, em pleno Regime Militar, que resultou na intitui\u00e7\u00e3o do Plano de Carreira do Magist\u00e9rio, al\u00e9m de reajuste linear de sal\u00e1rios. Participou tamb\u00e9m da greve de 1981, que incluiu os ent\u00e3o chamados Professores Colaboradores no quadro efetivo.<\/p>\n\n\n\n<p>Em meio ao crescimento e fortalecimento do movimento docente, a ASPESAL esteve presente na assembl\u00e9ia para cria\u00e7\u00e3o da Associa\u00e7\u00e3o Nacional dos Docentes do Ensino Superior (ANDES), em fevereiro de 1981, na cidade de Campinas-SP, sendo outro marco na hist\u00f3ria tanto do Sindicato Nacional quando da Associa\u00e7\u00e3o de Professores da ESAL.<\/p>\n\n\n\n<figure class=\"wp-block-image size-large foto-historico\"><img data-recalc-dims=\"1\" loading=\"lazy\" decoding=\"async\" width=\"1024\" height=\"690\" src=\"https:\/\/i0.wp.com\/adufla.org.br\/site\/wp-content\/uploads\/2013\/10\/andes1983.jpg?resize=1024%2C690&#038;ssl=1\" alt=\"\" class=\"wp-image-42\" srcset=\"https:\/\/i0.wp.com\/adufla.org.br\/site\/wp-content\/uploads\/2013\/10\/andes1983.jpg?resize=1024%2C690&amp;ssl=1 1024w, https:\/\/i0.wp.com\/adufla.org.br\/site\/wp-content\/uploads\/2013\/10\/andes1983.jpg?resize=300%2C202&amp;ssl=1 300w, https:\/\/i0.wp.com\/adufla.org.br\/site\/wp-content\/uploads\/2013\/10\/andes1983.jpg?resize=768%2C517&amp;ssl=1 768w, https:\/\/i0.wp.com\/adufla.org.br\/site\/wp-content\/uploads\/2013\/10\/andes1983.jpg?resize=1536%2C1035&amp;ssl=1 1536w, https:\/\/i0.wp.com\/adufla.org.br\/site\/wp-content\/uploads\/2013\/10\/andes1983.jpg?w=1740&amp;ssl=1 1740w\" sizes=\"auto, (max-width: 1000px) 100vw, 1000px\" \/><\/figure>\n\n\n\n<p>Sete anos mais tarde, em 26 de fevereiro de 1988, na gest\u00e3o do Prof. Ruy Carvalho (1988\/1990), a ASPESAL participou do II Congresso Extraordin\u00e1rio que transformou a associa\u00e7\u00e3o nacional dos docentes em Sindicato Nacional dos Docentes das Institui\u00e7\u00f5es de Ensino Superior (ANDES &#8211; Sindicato Nacional).<\/p>\n\n\n\n<p>Nos anos que se seguiram \u00e0 cria\u00e7\u00e3o do ANDES-SN, a ASPESAL continuou participando de forma recorrente nas mobiliza\u00e7\u00f5es e greves da categoria, como as de 1982, 1984, 1985, 1987, 1988, 1989, 1991, 1993 e 1994, ainda como associa\u00e7\u00e3o, e as de 2001, 2003, 2004, 2005, 2012, 2015, 2016 e 2024, j\u00e1 como Se\u00e7\u00e3o Sindical.<\/p>\n\n\n\n<p class=\"has-text-align-center\"><strong>De associa\u00e7\u00e3o \u00e0 Se\u00e7\u00e3o SIndical do ANDES-SN<\/strong><\/p>\n\n\n\n<p>A transforma\u00e7\u00e3o da ASPESAL em Se\u00e7\u00e3o Sindical do ANDES-SN ocorreu na gest\u00e3o do Prof. Jos\u00e9 Tarc\u00edsio Lima, em dezembro de 2001, quando a entidade passou a ser denominada de ADUFLA &#8211; Associa\u00e7\u00e3o de Docentes da Universidade Federal de Lavras, num dos momentos mais importantes da trajet\u00f3ria da associa\u00e7\u00e3o e que redefiniu o papel da rec\u00e9m criada Se\u00e7\u00e3o Sindical na defesa de seus filiados e de suas filiadas.<\/p>\n\n\n<div class=\"wp-block-image foto-historico\">\n<figure class=\"aligncenter\"><a href=\"https:\/\/i0.wp.com\/www.adufla.org.br\/site\/wp-content\/uploads\/2013\/10\/transformao.jpg\"><img data-recalc-dims=\"1\" loading=\"lazy\" decoding=\"async\" width=\"1024\" height=\"769\" src=\"https:\/\/i0.wp.com\/www.adufla.org.br\/site\/wp-content\/uploads\/2013\/10\/transformao-1024x769.jpg?resize=1024%2C769\" alt=\"transformao\" class=\"wp-image-47\" srcset=\"https:\/\/i0.wp.com\/adufla.org.br\/site\/wp-content\/uploads\/2013\/10\/transformao.jpg?resize=1024%2C769&amp;ssl=1 1024w, https:\/\/i0.wp.com\/adufla.org.br\/site\/wp-content\/uploads\/2013\/10\/transformao.jpg?resize=300%2C225&amp;ssl=1 300w, https:\/\/i0.wp.com\/adufla.org.br\/site\/wp-content\/uploads\/2013\/10\/transformao.jpg?resize=768%2C577&amp;ssl=1 768w, https:\/\/i0.wp.com\/adufla.org.br\/site\/wp-content\/uploads\/2013\/10\/transformao.jpg?resize=1536%2C1154&amp;ssl=1 1536w, https:\/\/i0.wp.com\/adufla.org.br\/site\/wp-content\/uploads\/2013\/10\/transformao.jpg?w=1560&amp;ssl=1 1560w\" sizes=\"auto, (max-width: 1000px) 100vw, 1000px\" \/><\/a><\/figure>\n<\/div>\n\n\n<p>O processo para a transforma\u00e7\u00e3o da ASPESAL em ADUFLA teve in\u00edcio oficialmente na Assembleia permanente realoizada em 8 de novembro de 2001, com a cria\u00e7\u00e3o de uma comiss\u00e3o de sistematiza\u00e7\u00e3o e eleborar de uma proposta de regimento para a nova entidade. As associadas e os associados tiveram at\u00e9 12 de novembro daquele ano para enviar sugest\u00f5es que resultaram no anteprojeto que foi inicialmente aprovado pelo Conselho Deliberativo da ASPESAL e posteriormemnte encaminhado para a Regional Leste do ANDES-SN, que emitiu parecer jur\u00eddico favor\u00e1vel \u00e0 transforma\u00e7\u00e3o. A Assembleia Geral de Docentes que oficializou a transforma\u00e7\u00e3o da entidade teve car\u00e1ter plebiscit\u00e1rio e foi realiada no dia 29 de novembro de 2001, na Cantina do Campus da UFLA, contabilizando 247 votos a favor e cinco contr\u00e1rios.<\/p>\n\n\n\n<p class=\"has-text-align-center\"><strong>Nova sede no campus da UFLA<\/strong><\/p>\n\n\n\n<p>Cinco anos ap\u00f3s a transforma\u00e7\u00e3o em Se\u00e7\u00e3o SIndical, j\u00e1 na gest\u00e3o das professoras Iraziet da Cunha Charret e Giovana Augusta Torres, presidente e vice-presidente entre 2004 e 2006, na primeira diretoria formada s\u00f3 por mulheres na linha de frente da emtidade, a ADUFLA concluiu a constru\u00e7\u00e3o de sua nova sede da secretaria no campus da UFLA, ap\u00f3s d\u00e9cadas de funcionamento na parte hist\u00f3rica da universidade.<\/p>\n\n\n<div class=\"wp-block-image\">\n<figure class=\"aligncenter size-full is-resized\"><img data-recalc-dims=\"1\" loading=\"lazy\" decoding=\"async\" width=\"812\" height=\"746\" src=\"https:\/\/i0.wp.com\/adufla.org.br\/site\/wp-content\/uploads\/2026\/08\/Captura-de-tela-2026-08-13-143857.jpg?resize=812%2C746&#038;ssl=1\" alt=\"\" class=\"wp-image-32261\" style=\"aspect-ratio:1.088473702951218;width:840px;height:auto\" srcset=\"https:\/\/i0.wp.com\/adufla.org.br\/site\/wp-content\/uploads\/2026\/08\/Captura-de-tela-2026-08-13-143857.jpg?w=812&amp;ssl=1 812w, https:\/\/i0.wp.com\/adufla.org.br\/site\/wp-content\/uploads\/2026\/08\/Captura-de-tela-2026-08-13-143857.jpg?resize=300%2C276&amp;ssl=1 300w, https:\/\/i0.wp.com\/adufla.org.br\/site\/wp-content\/uploads\/2026\/08\/Captura-de-tela-2026-08-13-143857.jpg?resize=768%2C706&amp;ssl=1 768w\" sizes=\"auto, (max-width: 812px) 100vw, 812px\" \/><\/figure>\n<\/div>\n\n\n<p><\/p>\n\n\n\n<p class=\"has-text-align-left pb-4\">Com uma estrutura mais adequada ao dia-a-dia da entidade e mais pr\u00f3ximo das sindicalizadas e sindicalizados, a nova sede inaugurada em dezembro de 2006 como um legado da primeira gest\u00e3o &#8220;feminina&#8221; da ADUFLA, fruto do trabalho e do comprometimento de toda a equipe de trabalho e da pr\u00f3pria categoria.<\/p>\n\n\n\n<p class=\"has-text-align-center\"><strong>Funda\u00e7\u00e3o do Clube de Campo da ASPESAL<\/strong><\/p>\n\n\n\n<p class=\"has-text-align-left py-4\">Remontando a outubro de 1981, na gest\u00e3o do Prof. Euf\u00eamio, a ASPESAL adquiriu uma \u00e1rea nas proximidades da ent\u00e3o ESAL destinada \u00e0 constru\u00e7\u00e3o do Clube de Campo da Associa\u00e7\u00e3o, com o lan\u00e7amento da pedra fundamental realizada em junho de 1982, durante uma grande festa de confraterniza\u00e7\u00e3o que reuniu docentes, familiares e convidados.<\/p>\n\n\n\n<p class=\"has-text-align-left py-4\">Ao longo das gest\u00f5es que se seguiram, o Clube de Campo da ASPESAL teve sua infra-estrutura ampliada, consolidando diferentes espa\u00e7os para o lazer, a confraterniza\u00e7\u00e3o e pr\u00e1tica de esportes, tornando-se refer\u00eancia em estrutura e qualidade para sindicalizadas e sindicalizados e tamb\u00e9m um diferencial da entidade entre as se\u00e7\u00f5es sindicais do ANDES-SN.<\/p>\n\n\n\n<figure class=\"wp-block-image size-large foto-historico\"><img data-recalc-dims=\"1\" loading=\"lazy\" decoding=\"async\" width=\"1024\" height=\"686\" src=\"https:\/\/i0.wp.com\/adufla.org.br\/site\/wp-content\/uploads\/2013\/10\/clube1.jpg?resize=1024%2C686&#038;ssl=1\" alt=\"\" class=\"wp-image-43\" srcset=\"https:\/\/i0.wp.com\/adufla.org.br\/site\/wp-content\/uploads\/2013\/10\/clube1.jpg?resize=1024%2C686&amp;ssl=1 1024w, https:\/\/i0.wp.com\/adufla.org.br\/site\/wp-content\/uploads\/2013\/10\/clube1.jpg?resize=300%2C201&amp;ssl=1 300w, https:\/\/i0.wp.com\/adufla.org.br\/site\/wp-content\/uploads\/2013\/10\/clube1.jpg?resize=768%2C514&amp;ssl=1 768w, https:\/\/i0.wp.com\/adufla.org.br\/site\/wp-content\/uploads\/2013\/10\/clube1.jpg?w=1344&amp;ssl=1 1344w\" sizes=\"auto, (max-width: 1000px) 100vw, 1000px\" \/><\/figure>\n\n\n<div class=\"wp-block-image foto-historico\">\n<figure class=\"aligncenter\"><a href=\"https:\/\/i0.wp.com\/www.adufla.org.br\/site\/wp-content\/uploads\/2013\/10\/clube2.jpg\"><img data-recalc-dims=\"1\" loading=\"lazy\" decoding=\"async\" width=\"1024\" height=\"756\" src=\"https:\/\/i0.wp.com\/www.adufla.org.br\/site\/wp-content\/uploads\/2013\/10\/clube2-1024x756.jpg?resize=1024%2C756\" alt=\"clube2\" class=\"wp-image-44\" srcset=\"https:\/\/i0.wp.com\/adufla.org.br\/site\/wp-content\/uploads\/2013\/10\/clube2.jpg?resize=1024%2C756&amp;ssl=1 1024w, https:\/\/i0.wp.com\/adufla.org.br\/site\/wp-content\/uploads\/2013\/10\/clube2.jpg?resize=300%2C222&amp;ssl=1 300w, https:\/\/i0.wp.com\/adufla.org.br\/site\/wp-content\/uploads\/2013\/10\/clube2.jpg?resize=768%2C567&amp;ssl=1 768w, https:\/\/i0.wp.com\/adufla.org.br\/site\/wp-content\/uploads\/2013\/10\/clube2.jpg?resize=1536%2C1134&amp;ssl=1 1536w, https:\/\/i0.wp.com\/adufla.org.br\/site\/wp-content\/uploads\/2013\/10\/clube2.jpg?resize=2048%2C1512&amp;ssl=1 2048w\" sizes=\"auto, (max-width: 1000px) 100vw, 1000px\" \/><\/a><\/figure>\n<\/div>\n\n<div class=\"wp-block-image\">\n<figure class=\"aligncenter size-full is-resized\"><img data-recalc-dims=\"1\" loading=\"lazy\" decoding=\"async\" width=\"567\" height=\"319\" src=\"https:\/\/i0.wp.com\/adufla.org.br\/site\/wp-content\/uploads\/2026\/08\/Pedra-fundamental-do-Clube-de-Campo.jpeg?resize=567%2C319&#038;ssl=1\" alt=\"\" class=\"wp-image-32262\" style=\"aspect-ratio:1.7774675483712956;width:840px;height:auto\" srcset=\"https:\/\/i0.wp.com\/adufla.org.br\/site\/wp-content\/uploads\/2026\/08\/Pedra-fundamental-do-Clube-de-Campo.jpeg?w=567&amp;ssl=1 567w, https:\/\/i0.wp.com\/adufla.org.br\/site\/wp-content\/uploads\/2026\/08\/Pedra-fundamental-do-Clube-de-Campo.jpeg?resize=300%2C169&amp;ssl=1 300w\" sizes=\"auto, (max-width: 567px) 100vw, 567px\" \/><\/figure>\n<\/div>\n\n\n<figure class=\"wp-block-image size-large foto-historico\"><img data-recalc-dims=\"1\" loading=\"lazy\" decoding=\"async\" width=\"1024\" height=\"687\" src=\"https:\/\/i0.wp.com\/adufla.org.br\/site\/wp-content\/uploads\/2013\/10\/clube3.jpg?resize=1024%2C687&#038;ssl=1\" alt=\"\" class=\"wp-image-45\" srcset=\"https:\/\/i0.wp.com\/adufla.org.br\/site\/wp-content\/uploads\/2013\/10\/clube3.jpg?resize=1024%2C687&amp;ssl=1 1024w, https:\/\/i0.wp.com\/adufla.org.br\/site\/wp-content\/uploads\/2013\/10\/clube3.jpg?resize=300%2C201&amp;ssl=1 300w, https:\/\/i0.wp.com\/adufla.org.br\/site\/wp-content\/uploads\/2013\/10\/clube3.jpg?resize=768%2C515&amp;ssl=1 768w, https:\/\/i0.wp.com\/adufla.org.br\/site\/wp-content\/uploads\/2013\/10\/clube3.jpg?resize=1536%2C1030&amp;ssl=1 1536w, https:\/\/i0.wp.com\/adufla.org.br\/site\/wp-content\/uploads\/2013\/10\/clube3.jpg?w=1724&amp;ssl=1 1724w\" sizes=\"auto, (max-width: 1000px) 100vw, 1000px\" \/><\/figure>\n\n\n\n<p class=\"has-text-align-center pb-4\"><strong>ADUFLA hoje<\/strong><\/p>\n\n\n\n<p>Atualmente, a ADUFLA conta com um quadro com mais de mil sindicalizadas\/os, entre pessoal da ativa, aposentadas\/os e s\u00f3cias\/os especiais, com uma participa\u00e7\u00e3o ativa nas atividades fins do movimento sindical nacional e do pr\u00f3prio ANDES-SN, com participa\u00e7\u00e3o em Congressos Nacionais e CONADs, aonde s\u00e3o encaminhadas as delibera\u00e7\u00f5es pol\u00edticas\/sociais da luta em defesa das trabalhadoras e trabalhadores do Ensino Superior no pa\u00eds e da classe trabalhadora como um todo. <\/p>\n\n\n\n<p>A ADUFLA abra\u00e7a ainda pautas caras ao movimento sindical, como a luta contra o racismo e ao ass\u00e9dio moral e sexual, a defesa da igualdade entre homens e mulheres, dos direitos das minorias, dos povos origin\u00e1rios e do meio ambiente. Da mesma forma, se solidariza e apoia as causas da categoria discente e tamb\u00e9m dos T\u00e9cnicos-Administrativos, realizando inclusive atos e eventos em parceria com essas entidades representativas da comunidade universit\u00e1ria em pautas \u00fanicas na defesa da democracia, dos direitos dos trabalhadores e trabalhadoras, da universidade p\u00fablica e gratuita, entre outras.<\/p>\n\n\n\n<p>Em sua estrutura pol\u00edtica e administrativa, a Se\u00e7\u00e3o Sindical \u00e9 regida por uma Diretoria composta por seis integrantes, entre presidente\/a, vice-presidente\/a, primeiro\/a tesoureiro\/a, segundo\/a tesoureiro\/a, primeiro\/a secret\u00e1rio\/a e segundo\/a secret\u00e1rio\/a. A entidade tamb\u00e9m possiu um Conselho Deliberativo formado por cinco membros efetivos e dois\/duas suplentes. Todos\/as os\/as ocupantes s\u00e3o escolhidos\/as para os cargos atrav\u00e9s de elei\u00e7\u00e3o direta a cada dois anos, sem a possibilidade de reelei\u00e7\u00e3o para o cargo de presidente.<\/p>\n\n\n\n<p>Em 2027 a ADUFLA completa 60 anos de uma longa trajet\u00f3ria e luta pol\u00edtica e de reconstru\u00e7\u00e3o da pr\u00f3pria identidade enquanto entidade na defesa dos direitos da categoria docente. A associa\u00e7\u00e3o oferece assessoria jur\u00eddica especializada e plano de sa\u00fade diferenciado aos\/\u00e0s seus\/suas sindicalizados\/as, al\u00e9m da promo\u00e7\u00e3o de eventos pol\u00edticos, sociais e de confraterniza\u00e7\u00e3o em seu Clube de Campo, que buscam sempre uma maior integra\u00e7\u00e3o da classe docente local e das pr\u00f3prias fam\u00edlias, mantendo a tradi\u00e7\u00e3o social que deu origem \u00e0 associa\u00e7\u00e3o quando de sua funda\u00e7\u00e3o.<\/p>\n\n\n\n<p class=\"has-text-align-center py-4\"><\/p>\n","protected":false},"excerpt":{"rendered":"<p>\u201cA mem\u00f3ria \u00e9 um por\u00e3o atravancado de objetos perdidos, onde tanto desejar\u00edamos encontrar aquelas coisas que \u2013 de t\u00e3o perdidas \u2013 nem sabemos mais o que sejam.\u201d M\u00e1rio Quintana \u2013 Di\u00e1rio Po\u00e9tico A d\u00e9cada de 1960 ficou marcada na hist\u00f3ria da ent\u00e3o Escola Superior de Agricultura de Lavras (ESAL), hoje Universidade Federal de Lavras (UFLA), [&hellip;]<\/p>\n","protected":false},"author":1,"featured_media":0,"parent":0,"menu_order":11,"comment_status":"closed","ping_status":"closed","template":"","meta":{"_acf_changed":false,"ngg_post_thumbnail":0,"footnotes":""},"class_list":["post-542","page","type-page","status-publish","hentry"],"acf":{"cor_detaque":"#F8C303"},"jetpack_sharing_enabled":true,"_links":{"self":[{"href":"https:\/\/adufla.org.br\/site\/wp-json\/wp\/v2\/pages\/542","targetHints":{"allow":["GET"]}}],"collection":[{"href":"https:\/\/adufla.org.br\/site\/wp-json\/wp\/v2\/pages"}],"about":[{"href":"https:\/\/adufla.org.br\/site\/wp-json\/wp\/v2\/types\/page"}],"author":[{"embeddable":true,"href":"https:\/\/adufla.org.br\/site\/wp-json\/wp\/v2\/users\/1"}],"replies":[{"embeddable":true,"href":"https:\/\/adufla.org.br\/site\/wp-json\/wp\/v2\/comments?post=542"}],"version-history":[{"count":73,"href":"https:\/\/adufla.org.br\/site\/wp-json\/wp\/v2\/pages\/542\/revisions"}],"predecessor-version":[{"id":32320,"href":"https:\/\/adufla.org.br\/site\/wp-json\/wp\/v2\/pages\/542\/revisions\/32320"}],"wp:attachment":[{"href":"https:\/\/adufla.org.br\/site\/wp-json\/wp\/v2\/media?parent=542"}],"curies":[{"name":"wp","href":"https:\/\/api.w.org\/{rel}","templated":true}]}}